{"id":1858,"date":"2019-12-23T14:13:04","date_gmt":"2019-12-23T13:13:04","guid":{"rendered":"https:\/\/www.aurelius-immobilien.com\/sobre-nosotros\/"},"modified":"2024-04-15T14:28:56","modified_gmt":"2024-04-15T13:28:56","slug":"sobre-nosotros","status":"publish","type":"page","link":"https:\/\/www.aurelius-immobilien.com\/es\/sobre-nosotros\/","title":{"rendered":"Sobre nosotros"},"content":{"rendered":"<div id='av_section_1' class='avia-section main_color avia-section-large avia-no-shadow avia-bg-style-scroll  avia-builder-el-0  el_before_av_section  avia-builder-el-first    container_wrap fullsize' style=' margin-top:-50px; margin-bottom:0px; '  ><div class='container' ><main  role=\"main\" itemprop=\"mainContentOfPage\"  class='template-page content  av-content-full alpha units'><div class='post-entry post-entry-type-page post-entry-1858'><div class='entry-content-wrapper clearfix'>\n<div class=\"flex_column av_one_full  flex_column_div av-zero-column-padding first  avia-builder-el-1  el_before_av_one_full  avia-builder-el-first  \" style='border-radius:0px; '><p><div style='padding-bottom:0px; ' class='av-special-heading av-special-heading-h2  blockquote modern-quote modern-centered  avia-builder-el-2  el_before_av_hr  avia-builder-el-first   '><h2 class='av-special-heading-tag '  itemprop=\"headline\"  >SOBRE NOSOTROS<\/h2><div class='special-heading-border'><div class='special-heading-inner-border' ><\/div><\/div><\/div><br \/>\n<div style=' margin-top:5px; margin-bottom:35px;'  class='hr hr-custom hr-center hr-icon-no   avia-builder-el-3  el_after_av_heading  el_before_av_textblock  '><span class='hr-inner   inner-border-av-border-fat' style=' width:50px; border-color:#c41247;' ><span class='hr-inner-style'><\/span><\/span><\/div><br \/>\n<section class=\"av_textblock_section \"  itemscope=\"itemscope\" itemtype=\"https:\/\/schema.org\/CreativeWork\" ><div class='avia_textblock  '   itemprop=\"text\" ><p style=\"text-align: left;\"><span style=\"color: #666566;\">Aurelius Immobilien GmbH es una empresa propiedad de la familia Groenewold. La empresa, con sede en Hamburgo, fue fundada en 2001 por <a href=\"http:\/\/www.kurt-groenewold.de\/\" target=\"_blank\" rel=\"noopener\"><em>Kurt <\/em> <em>Groenewold<\/em><\/a> y Cornelius Groenewold.<br \/>\n<\/span><\/p>\n<p>Aurelius Immobilien GmbH se dedica a la tarea de desarrollar y construir propiedades, ensamblar conjuntos de edificios y dotar a los barrios de una nueva est\u00e9tica y un contexto significativo. Tambi\u00e9n se centra en la compatibilidad urban\u00edstica y la creaci\u00f3n de valor a largo plazo.<\/p>\n<p style=\"text-align: left;\"><span style=\"color: #666566;\">Las empresas inmobiliarias de la familia Groenewold en el barrio incluyen Friedrich G. Groenewold Erben GmbH, Kurt und G\u00fcnther Groenewold Immobilien GmbH y <a href=\"https:\/\/www.rosenhof-gmbh.de\/\" target=\"_blank\" rel=\"noopener\"><em>Rosenhof Grundst\u00fccksverwaltung GmbH<\/em><\/a>. <\/span><\/p>\n<p style=\"text-align: left;\">Las empresas familiares cuentan con m\u00e1s de 60 a\u00f1os de experiencia en la promoci\u00f3n y gesti\u00f3n de propiedades residenciales, comerciales y minoristas.<\/p>\n<\/div><\/section><\/p><\/div><div class=\"flex_column av_one_full  flex_column_div av-zero-column-padding first  avia-builder-el-5  el_after_av_one_full  avia-builder-el-last  column-top-margin\" style='border-radius:0px; '><section class=\"av_textblock_section \"  itemscope=\"itemscope\" itemtype=\"https:\/\/schema.org\/CreativeWork\" ><div class='avia_textblock  '   itemprop=\"text\" ><p style=\"text-align: left;\"><span style=\"color: #666566;\">Aurelius ya ha realizado numerosos proyectos inmobiliarios residenciales y de oficinas de prestigio, especialmente en los distritos hamburgueses de Eimsb\u00fcttel, Ottensen, HafenCity y Harburg. <\/span><\/p>\n<p style=\"text-align: left;\"><span style=\"color: #666566;\">Ya se han concedido numerosos premios de arquitectura por las propiedades desarrolladas, la mayor\u00eda de ellos al arquitecto Heiner Limbrock, B\u00fcro<a href=\"https:\/\/www.limbrocktubbesing.de\/\" target=\"_blank\" rel=\"noopener\"><em>limbrock \u00b7 tubbesing Architekten und Stadtplaner<\/em><\/a>.<\/span><\/p>\n<p style=\"text-align: left;\"><span style=\"color: #666566;\">Los siguientes proyectos de construcci\u00f3n son ejemplos de las actividades de construcci\u00f3n de aurelius:<\/span><\/p>\n<\/div><\/section><\/div>\n\n<\/div><\/div><\/main><!-- close content main element --><\/div><\/div><div id='av_section_2' class='avia-section main_color avia-section-large avia-no-border-styling avia-bg-style-scroll  avia-builder-el-7  el_after_av_section  avia-builder-el-last   container_wrap fullsize' style=' '  ><div class='container' ><div class='template-page content  av-content-full alpha units'><div class='post-entry post-entry-type-page post-entry-1858'><div class='entry-content-wrapper clearfix'>\n<div class=\"flex_column av_one_half  av-animated-generic bottom-to-top  flex_column_div av-zero-column-padding first  avia-builder-el-8  el_before_av_one_half  avia-builder-el-first  \" style='border-radius:0px; '><p><div class='avia-image-container  av-styling-no-styling    avia-builder-el-9  el_before_av_heading  avia-builder-el-first   avia-align-center '  itemprop=\"image\" itemscope=\"itemscope\" itemtype=\"https:\/\/schema.org\/ImageObject\"  ><div class='avia-image-container-inner'><div class='avia-image-overlay-wrap'><img class='avia_image' src='https:\/\/www.aurelius-immobilien.com\/wp-content\/uploads\/2019\/06\/ksp-300x200.jpg' alt='' title='20255 Hamburg, Heu\u00dfweg \/ Osterstra\u00dfe, Karl Schneider Passagen, Stra\u00dfenansicht' height=\"200\" width=\"300\"  itemprop=\"thumbnailUrl\"  \/><\/div><\/div><\/div><br \/>\n<div style='padding-bottom:0px; ' class='av-special-heading av-special-heading-h3  blockquote modern-quote  avia-builder-el-10  el_after_av_image  el_before_av_hr   '><h3 class='av-special-heading-tag '  itemprop=\"headline\"  >Hamburg-Eimsb\u00fcttel<\/h3><div class='special-heading-border'><div class='special-heading-inner-border' ><\/div><\/div><\/div><br \/>\n<div style=' margin-top:10px; margin-bottom:10px;'  class='hr hr-custom hr-left hr-icon-no   avia-builder-el-11  el_after_av_heading  el_before_av_textblock  '><span class='hr-inner   inner-border-av-border-fat' style=' width:50px; border-color:#c41247;' ><span class='hr-inner-style'><\/span><\/span><\/div><br \/>\n<section class=\"av_textblock_section \"  itemscope=\"itemscope\" itemtype=\"https:\/\/schema.org\/CreativeWork\" ><div class='avia_textblock  '   itemprop=\"text\" ><p>La actividad constructora comenz\u00f3 con la reconstrucci\u00f3n del edificio Karl Schneider en Osterstra\u00dfe 120,122\/ Heu\u00dfweg 33,35 de Hamburgo-Eimsb\u00fcttel, que Friedrich G. Groenewold ya hab\u00eda construido en 1951\/1952 a partir de las ruinas destruidas en la guerra. Este edificio marc\u00f3 el inicio de la carrera de Osterstra\u00dfe como principal calle comercial del distrito. En 2000, a este edificio le sigui\u00f3 el Karl Schneider Passagen en Heu\u00dfweg 37, 39, 41, que, con las tiendas Aldi, Deutsche Post, Telekom y Rossmann, confirm\u00f3 la ubicaci\u00f3n como centro comercial. Actualmente se est\u00e1 proyectando el Fanny Mendelssohn Passagen, con un pasaje a trav\u00e9s de la torre hasta el parque Henry Vahl, y la ampliaci\u00f3n de la tienda de productos ecol\u00f3gicos Basic, en la Osterstrasse, con la construcci\u00f3n de siete pisos. El Karl Schneider Passagen y el Fanny Mendelssohn Passagen tienen potencial para convertirse en el centro comercial y de ocio del distrito de Eimsb\u00fcttel dentro de unos a\u00f1os.<\/p>\n<\/div><\/section><\/p><\/div><div class=\"flex_column av_one_half  av-animated-generic bottom-to-top  flex_column_div av-zero-column-padding   avia-builder-el-13  el_after_av_one_half  el_before_av_one_half  \" style='border-radius:0px; '><p><div class='avia-image-container  av-styling-no-styling    avia-builder-el-14  el_before_av_heading  avia-builder-el-first   avia-align-center '  itemprop=\"image\" itemscope=\"itemscope\" itemtype=\"https:\/\/schema.org\/ImageObject\"  ><div class='avia-image-container-inner'><div class='avia-image-overlay-wrap'><img class='avia_image' src='https:\/\/www.aurelius-immobilien.com\/wp-content\/uploads\/2019\/06\/Silo_Wasser3-300x200.jpg' alt='' title='21079 Hamburg, Schellerdamm 16, DAS SILO, Blick \u00fcber den Westlichen Bahnhofskanal' height=\"200\" width=\"300\"  itemprop=\"thumbnailUrl\"  \/><\/div><\/div><\/div><br \/>\n<div style='padding-bottom:0px; ' class='av-special-heading av-special-heading-h3  blockquote modern-quote  avia-builder-el-15  el_after_av_image  el_before_av_hr   '><h3 class='av-special-heading-tag '  itemprop=\"headline\"  >Hamburg-Harburg<\/h3><div class='special-heading-border'><div class='special-heading-inner-border' ><\/div><\/div><\/div><br \/>\n<div style=' margin-top:10px; margin-bottom:10px;'  class='hr hr-custom hr-left hr-icon-no   avia-builder-el-16  el_after_av_heading  el_before_av_textblock  '><span class='hr-inner   inner-border-av-border-fat' style=' width:50px; border-color:#c41247;' ><span class='hr-inner-style'><\/span><\/span><\/div><br \/>\n<section class=\"av_textblock_section \"  itemscope=\"itemscope\" itemtype=\"https:\/\/schema.org\/CreativeWork\" ><div class='avia_textblock  '   itemprop=\"text\" ><p>Aurelius ha participado en el desarrollo del barrio de Channel Harburg, en Hamburgo-Harburgo, desde principios de 2003. Por iniciativa del promotor inmobiliario Arne Weber en HC Hagemann, los edificios vac\u00edos de la industria petrolera se transformaron en edificios residenciales y de oficinas bien alquilados. aurelius construy\u00f3 un total de 5 edificios galardonados en Schellerdamm: el edificio de oficinas de 15 plantas en 2005 <a href=\"https:\/\/www.aurelius-immobilien.com\/portfolio-item\/das-silo\/\" target=\"_blank\" rel=\"noopener\"><em>DAS SILO<\/em><\/a>,<\/p>\n<p>2007 el edificio protegido de oficinas del silo Rotstein <a href=\"https:\/\/www.aurelius-immobilien.com\/portfolio-item\/das-fleethaus\/\" target=\"_blank\" rel=\"noopener\"><em>DAS FLEETHAUS<\/em><\/a>,<br \/>\n2011 el edificio de oficinas <em><a href=\"https:\/\/www.aurelius-immobilien.com\/portfolio-item\/schellerdamm-18\/\" target=\"_blank\" rel=\"noopener\">Schellerdamm 18<\/a><\/em>,<br \/>\n2014 el edificio de viviendas <a href=\"https:\/\/www.aurelius-immobilien.com\/portfolio-item\/schellerdamm-1-7\/\" target=\"_blank\" rel=\"noopener\"><em>Schellerdamm 1 \u2013 7<\/em><\/a>,<br \/>\nPisos para estudiantes y familias,<br \/>\n2019 el edificio de viviendas y oficinas <a href=\"https:\/\/www.aurelius-immobilien.com\/portfolio-item\/schellerdamm-9\/\" target=\"_blank\" rel=\"noopener\"><em>Schellerdamm 9<\/em><\/a><\/p>\n<\/div><\/section><\/p><\/div><div class=\"flex_column av_one_half  av-animated-generic bottom-to-top  flex_column_div av-zero-column-padding first  avia-builder-el-18  el_after_av_one_half  el_before_av_one_half  column-top-margin\" style='border-radius:0px; '><p><div class='avia-image-container  av-styling-no-styling    avia-builder-el-19  el_before_av_heading  avia-builder-el-first   avia-align-center '  itemprop=\"image\" itemscope=\"itemscope\" itemtype=\"https:\/\/schema.org\/ImageObject\"  ><div class='avia-image-container-inner'><div class='avia-image-overlay-wrap'><img class='avia_image' src='https:\/\/www.aurelius-immobilien.com\/wp-content\/uploads\/2019\/06\/meiendorf_seite2-1-300x200.jpg' alt='' title='22145 Hamburg, Meiendorfer Str. 205, Stra\u00dfenansicht' height=\"200\" width=\"300\"  itemprop=\"thumbnailUrl\"  \/><\/div><\/div><\/div><br \/>\n<div style='padding-bottom:0px; ' class='av-special-heading av-special-heading-h3  blockquote modern-quote  avia-builder-el-20  el_after_av_image  el_before_av_hr   '><h3 class='av-special-heading-tag '  itemprop=\"headline\"  >Hamburg-Rahlstedt<\/h3><div class='special-heading-border'><div class='special-heading-inner-border' ><\/div><\/div><\/div><br \/>\n<div style=' margin-top:10px; margin-bottom:10px;'  class='hr hr-custom hr-left hr-icon-no   avia-builder-el-21  el_after_av_heading  el_before_av_textblock  '><span class='hr-inner   inner-border-av-border-fat' style=' width:50px; border-color:#c41247;' ><span class='hr-inner-style'><\/span><\/span><\/div><br \/>\n<section class=\"av_textblock_section \"  itemscope=\"itemscope\" itemtype=\"https:\/\/schema.org\/CreativeWork\" ><div class='avia_textblock  '   itemprop=\"text\" ><p>En 2016, aurelius desarroll\u00f3 un nuevo edificio de oficinas para Philips W\u00e4getechnik, Minebea Intec GmbH, en un terreno comercial de 50.000 m\u00b2 en Meiendorfer Stra\u00dfe, en Hamburgo-Rahlstedt, y moderniz\u00f3 el edificio de oficinas Stapelwerk, de unos 13.000 m\u00b2. Entretanto, se est\u00e1 proyectando un edificio para un centro de oficinas de unos 4.000 m\u00b2, que ya ha sido alquilado. Se est\u00e1 negociando la construcci\u00f3n de otros edificios de oficinas y viviendas. El nuevo desarrollo y los nuevos alquileres mejorar\u00e1n el car\u00e1cter de la propiedad comercial y facilitar\u00e1n el desarrollo de pisos en el distrito. El desarrollo de todo el proyecto corre a cargo del director gerente de aurelius Meiendorf GmbH, Dr. Thomas M\u00f6ller, que cuenta con m\u00e1s de 25 a\u00f1os de experiencia en el desarrollo, planificaci\u00f3n y construcci\u00f3n de proyectos de gran envergadura.<\/p>\n<\/div><\/section><\/p><\/div><div class=\"flex_column av_one_half  av-animated-generic bottom-to-top  flex_column_div av-zero-column-padding   avia-builder-el-23  el_after_av_one_half  el_before_av_hr  column-top-margin\" style='border-radius:0px; '><p><div class='avia-image-container  av-styling-no-styling    avia-builder-el-24  el_before_av_heading  avia-builder-el-first   avia-align-center '  itemprop=\"image\" itemscope=\"itemscope\" itemtype=\"https:\/\/schema.org\/ImageObject\"  ><div class='avia-image-container-inner'><div class='avia-image-overlay-wrap'><img class='avia_image' src='https:\/\/www.aurelius-immobilien.com\/wp-content\/uploads\/2019\/08\/DW__V4A2573-300x200.jpg' alt='' title='' height=\"200\" width=\"300\"  itemprop=\"thumbnailUrl\"  \/><\/div><\/div><\/div><br \/>\n<div style='padding-bottom:0px; ' class='av-special-heading av-special-heading-h3  blockquote modern-quote  avia-builder-el-25  el_after_av_image  el_before_av_hr   av-linked-heading '><h3 class='av-special-heading-tag '  itemprop=\"headline\"  ><a href=\"https:\/\/www.aurelius-immobilien.com\/portfolio-item\/schellerdamm-18\/\">Hamburg-Ottensen<\/a><\/h3><div class='special-heading-border'><div class='special-heading-inner-border' ><\/div><\/div><\/div><br \/>\n<div style=' margin-top:10px; margin-bottom:10px;'  class='hr hr-custom hr-left hr-icon-no   avia-builder-el-26  el_after_av_heading  el_before_av_textblock  '><span class='hr-inner   inner-border-av-border-fat' style=' width:50px; border-color:#c41247;' ><span class='hr-inner-style'><\/span><\/span><\/div><br \/>\n<section class=\"av_textblock_section \"  itemscope=\"itemscope\" itemtype=\"https:\/\/schema.org\/CreativeWork\" ><div class='avia_textblock  '   itemprop=\"text\" ><p>Entre 2016 y 2018, Aurelius construy\u00f3 tres nuevos edificios con un total de 23 pisos en un patio trasero en Klopstockplatz en Hamburgo-Ottensen. El arquitecto Heiner Limbrock ha dotado a los lujosos pisos de una planta especial y ha creado una luminosidad particular mediante la estructura interna de pozos de luz. El estrecho patio refuerza el car\u00e1cter urbano de los pisos y el hecho de que haya dos edificios con paso a la calle convierte el conjunto en un idilio. Justo al lado de la famosa iglesia de Klopstock, muy cerca del Elbchaussee y del barrio de Ottensen, el edificio residencial est\u00e1 situado en una zona muy hist\u00f3rica y popular.<\/p>\n<\/div><\/section><\/p><\/div><div style='height:50px' class='hr hr-invisible   avia-builder-el-28  el_after_av_one_half  el_before_av_one_half '><span class='hr-inner ' ><span class='hr-inner-style'><\/span><\/span><\/div>\n<div class=\"flex_column av_one_half  av-animated-generic bottom-to-top  flex_column_div av-zero-column-padding first  avia-builder-el-29  el_after_av_hr  el_before_av_one_half  \" style='border-radius:0px; '><p><div class='avia-image-container  av-styling-no-styling    avia-builder-el-30  el_before_av_heading  avia-builder-el-first   avia-align-center '  itemprop=\"image\" itemscope=\"itemscope\" itemtype=\"https:\/\/schema.org\/ImageObject\"  ><div class='avia-image-container-inner'><div class='avia-image-overlay-wrap'><img class='avia_image' src='https:\/\/www.aurelius-immobilien.com\/wp-content\/uploads\/2019\/07\/sw11-300x200.jpg' alt='' title='sw11' height=\"200\" width=\"300\"  itemprop=\"thumbnailUrl\"  \/><\/div><\/div><\/div><br \/>\n<div style='padding-bottom:0px; ' class='av-special-heading av-special-heading-h3  blockquote modern-quote  avia-builder-el-31  el_after_av_image  el_before_av_hr   av-linked-heading '><h3 class='av-special-heading-tag '  itemprop=\"headline\"  ><a href=\"https:\/\/www.aurelius-immobilien.com\/portfolio-item\/karl-schneider-passagen\/\">Hamburg-Volksdorf<\/a><\/h3><div class='special-heading-border'><div class='special-heading-inner-border' ><\/div><\/div><\/div><br \/>\n<div style=' margin-top:10px; margin-bottom:10px;'  class='hr hr-custom hr-left hr-icon-no   avia-builder-el-32  el_after_av_heading  el_before_av_textblock  '><span class='hr-inner   inner-border-av-border-fat' style=' width:50px; border-color:#c41247;' ><span class='hr-inner-style'><\/span><\/span><\/div><br \/>\n<section class=\"av_textblock_section \"  itemscope=\"itemscope\" itemtype=\"https:\/\/schema.org\/CreativeWork\" ><div class='avia_textblock  '   itemprop=\"text\" ><p>Aurelius desarrolla desde 2019 un conjunto de inmuebles en Saseler Weg, en Hamburgo-Volksdorf. All\u00ed se est\u00e1n construyendo tres edificios, rodeados de vegetaci\u00f3n junto al Teichwiesenpark y, sin embargo, c\u00e9ntricos. En la obra 1 se est\u00e1n construyendo una guarder\u00eda accesible para discapacitados con piscina did\u00e1ctica y una gran zona de juegos al aire libre, pisos accesibles para discapacitados y un piso compartido para personas con demencia para la empresa de guarder\u00edas SterniPark GmbH. En la parcela 2 se est\u00e1 construyendo un edificio residencial con 24 viviendas familiares y accesibles para discapacitados. En la parcela 3 se est\u00e1n construyendo 13 amplias y sofisticadas casas adosadas dise\u00f1adas por arquitectos, con jardines propios y terrazas en la azotea.<\/p>\n<\/div><\/section><\/p><\/div><div class=\"flex_column av_one_half  av-animated-generic bottom-to-top  flex_column_div av-zero-column-padding   avia-builder-el-34  el_after_av_one_half  avia-builder-el-last  \" style='border-radius:0px; '><\/div>\n","protected":false},"excerpt":{"rendered":"","protected":false},"author":1,"featured_media":0,"parent":0,"menu_order":0,"comment_status":"closed","ping_status":"closed","template":"","meta":{"footnotes":""},"class_list":["post-1858","page","type-page","status-publish","hentry"],"_links":{"self":[{"href":"https:\/\/www.aurelius-immobilien.com\/es\/wp-json\/wp\/v2\/pages\/1858","targetHints":{"allow":["GET"]}}],"collection":[{"href":"https:\/\/www.aurelius-immobilien.com\/es\/wp-json\/wp\/v2\/pages"}],"about":[{"href":"https:\/\/www.aurelius-immobilien.com\/es\/wp-json\/wp\/v2\/types\/page"}],"author":[{"embeddable":true,"href":"https:\/\/www.aurelius-immobilien.com\/es\/wp-json\/wp\/v2\/users\/1"}],"replies":[{"embeddable":true,"href":"https:\/\/www.aurelius-immobilien.com\/es\/wp-json\/wp\/v2\/comments?post=1858"}],"version-history":[{"count":4,"href":"https:\/\/www.aurelius-immobilien.com\/es\/wp-json\/wp\/v2\/pages\/1858\/revisions"}],"predecessor-version":[{"id":2209,"href":"https:\/\/www.aurelius-immobilien.com\/es\/wp-json\/wp\/v2\/pages\/1858\/revisions\/2209"}],"wp:attachment":[{"href":"https:\/\/www.aurelius-immobilien.com\/es\/wp-json\/wp\/v2\/media?parent=1858"}],"curies":[{"name":"wp","href":"https:\/\/api.w.org\/{rel}","templated":true}]}}